{"id":2464,"date":"2022-05-23T12:44:17","date_gmt":"2022-05-23T10:44:17","guid":{"rendered":"https:\/\/www.becassiers.ch\/news\/"},"modified":"2022-06-21T14:50:23","modified_gmt":"2022-06-21T12:50:23","slug":"news","status":"publish","type":"page","link":"https:\/\/www.becassiers.ch\/it\/news\/","title":{"rendered":"News"},"content":{"rendered":"<div class=\"wpb-content-wrapper\"><p>[vc_row anchor=&#8221;chisiamo&#8221;][vc_column col_shadow=&#8221;box_shadow_enable:disable|shadow_horizontal:0|shadow_vertical:15|shadow_blur:50|shadow_spread:0|box_shadow_color:rgba(0%2C0%2C0%2C0.35)&#8221; col_shadow_hover=&#8221;box_shadow_enable:disable|shadow_horizontal:0|shadow_vertical:15|shadow_blur:50|shadow_spread:0|box_shadow_color:rgba(0%2C0%2C0%2C0.35)&#8221; css=&#8221;.vc_custom_1636982133836{padding-right: 25px !important;padding-left: 25px !important;}&#8221;]<div class=\"dfd-spacer-module\"  data-units=\"px\" data-wide_resolution=\"1280\" data-wide_size=\"150\" data-normal_resolution=\"1024\" data-normal_size=\"120\" data-tablet_resolution=\"800\" data-tablet_size=\"100\" data-mobile_resolution=\"480\" data-mobile_size=\"100\" style=\"height: 150px;\"><\/div><div class=\"dfd-heading-shortcode\"><div class=\"dfd-heading-module-wrap  text-center style_03 dfd-heading-69f4b9e9b73ee dfd-disable-resposive-headings\" id=\"dfd-heading-69f4b9e9b73ee\" ><div class=\"inline-block\"><div class=\"dfd-heading-module\"><h1 class=\"widget-title dfd-title \" style=\"\">News<\/h1><\/div><\/div><\/div><script type=\"text\/javascript\">\r\n\t\t\t\t\t\t\t\t\t(function($) {\r\n\t\t\t\t\t\t\t\t\t\t$(\"head\").append(\"<style>.dfd-heading-69f4b9e9b73ee.dfd-heading-module-wrap .dfd-heading-module .dfd-heading-delimiter {margin-top:10px;margin-bottom:10px;}@media (max-width: 1279px) and (min-width: 1024px){.dfd-heading-69f4b9e9b73ee .dfd-title{font-size: 60px !important;line-height: 70px !important;}}@media (max-width: 1023px) and (min-width: 800px){.dfd-heading-69f4b9e9b73ee .dfd-title{font-size: 50px !important;line-height: 60px !important;}}@media (max-width: 799px){.dfd-heading-69f4b9e9b73ee .dfd-title{font-size: 40px !important;line-height: 50px !important;}}@media only screen and (max-width: 799px) {.dfd-heading-69f4b9e9b73ee {text-align: center;}}<\/style>\");\r\n\t\t\t\t\t\t\t\t\t})(jQuery);\r\n\t\t\t\t\t\t\t\t<\/script><\/div><div class=\"dfd-spacer-module\"  data-units=\"px\" data-wide_resolution=\"1280\" data-wide_size=\"40\" data-normal_resolution=\"1024\" data-normal_size=\"40\" data-tablet_resolution=\"800\" data-tablet_size=\"40\" data-mobile_resolution=\"480\" data-mobile_size=\"40\" style=\"height: 40px;\"><\/div><div class=\"dfd-module-wrapper\"><div class=\"dfd-blog-loop dfd-blog-posts-module  dfd-blog-module-69f4b9e9b7588 default with-number-decor\" id=\"dfd-blog-module-69f4b9e9b7588\">\r\n\t<div class=\"dfd-blog-wrap\">\r\n\t\t\t\t<div class=\"dfd-blog dfd-blog-fitRows dfd-new-isotope \"  data-columns=\"3\" data-layout-style=\"fitRows\" data-item=\"post\">\r\n\t\t\t\t\t\t<div class=\"post-3134 post type-post status-publish format-standard has-post-thumbnail hentry category-non-categorizzato text-left\" >\r\n\t\t\t\t\t<div class=\"cover\">\r\n\t\t\t\t\t\t\t\t\t\t\t\t\t<div class=\"entry-media \">\r\n\t\t\t\t\t\t\t\t<div class=\"entry-thumb\">\r\n\t\t\t\t\t\t\t\t\t\t\t\t\t\t\t\t\t\t\t<img decoding=\"async\" src=\"https:\/\/www.becassiers.ch\/wp-content\/uploads\/2022\/06\/20181009_154726-rotated-360x272.jpg\" alt=\"Pool Cinofilo Venatorio Ticino\"\/>\r\n\t\t\t\t\t\t\t\t\t\t\t\t\t\t\t\t\t\t\t\t\t\t\t\t\t\t<\/div>\r\n\t\t\t\t\t\t\t\t<div class=\"dfd-blog-heading-wrap\"><div class=\"dfd-blog-title widget-title\" style=\"\"><a href=\"https:\/\/www.becassiers.ch\/it\/pool-cinofilo-venatorio-ticino\/\" title=\"Pool Cinofilo Venatorio Ticino\">Pool Cinofilo Venatorio Ticino<\/a><\/div><\/div>\t\t\t\t\t\t\t<\/div>\r\n\t\t\t\t\t\t\t<div class=\"entry-content text-left\"><p>1\u00b0 RASSEGNA CINOFILA VENATORIA\r\n11 maggio 2025 - 09.00\r\nCentro Poli di Olivone<\/p><\/div>\t\t\t\t\t\t\t\t<div class=\"dfd-read-share clearfix\">\r\n\t\t\t\t\t\t\t\t\t\t\t\t\t\t\t\t\t\t\t<div class=\"read-more-wrap\">\r\n\t\t\t\t\t\t\t\t\t\t\t<a href=\"https:\/\/www.becassiers.ch\/it\/pool-cinofilo-venatorio-ticino\/\" class=\"more-button simple\" title=\"\" data-lang=\"en\">SCOPRI<\/a>\r\n\t\t\t\t\t\t\t\t\t\t<\/div>\r\n\t\t\t\t\t\t\t\t\t\t\t\t\t\t\t\t\t\t\t\t\t\t\t\t\t\t<\/div>\r\n\t\t\t\t\t\t\t\t\t\t\t\t\t\t\t\t\t\t<\/div>\r\n\t\t\t\t<\/div>\r\n\t\t\t\t\t\t\t\t<div class=\"post-3123 post type-post status-publish format-standard has-post-thumbnail hentry category-non-categorizzato text-left\" >\r\n\t\t\t\t\t<div class=\"cover\">\r\n\t\t\t\t\t\t\t\t\t\t\t\t\t<div class=\"entry-media \">\r\n\t\t\t\t\t\t\t\t<div class=\"entry-thumb\">\r\n\t\t\t\t\t\t\t\t\t\t\t\t\t\t\t\t\t\t\t<img decoding=\"async\" src=\"https:\/\/www.becassiers.ch\/wp-content\/uploads\/2022\/06\/ASB_logo_motto-360x272.png\" alt=\"AG 2025\"\/>\r\n\t\t\t\t\t\t\t\t\t\t\t\t\t\t\t\t\t\t\t\t\t\t\t\t\t\t<\/div>\r\n\t\t\t\t\t\t\t\t<div class=\"dfd-blog-heading-wrap\"><div class=\"dfd-blog-title widget-title\" style=\"\"><a href=\"https:\/\/www.becassiers.ch\/it\/ag-2025\/\" title=\"AG 2025\">AG 2025<\/a><\/div><\/div>\t\t\t\t\t\t\t<\/div>\r\n\t\t\t\t\t\t\t<div class=\"entry-content text-left\"><p>INVITO\r\n\r\nAssemblea generale ASB\r\n\r\nSABATO 17.05.2025 ALLE ORE 09:30\r\nHotel Coronado - Mendrisio<\/p><\/div>\t\t\t\t\t\t\t\t<div class=\"dfd-read-share clearfix\">\r\n\t\t\t\t\t\t\t\t\t\t\t\t\t\t\t\t\t\t\t<div class=\"read-more-wrap\">\r\n\t\t\t\t\t\t\t\t\t\t\t<a href=\"https:\/\/www.becassiers.ch\/it\/ag-2025\/\" class=\"more-button simple\" title=\"\" data-lang=\"en\">SCOPRI<\/a>\r\n\t\t\t\t\t\t\t\t\t\t<\/div>\r\n\t\t\t\t\t\t\t\t\t\t\t\t\t\t\t\t\t\t\t\t\t\t\t\t\t\t<\/div>\r\n\t\t\t\t\t\t\t\t\t\t\t\t\t\t\t\t\t\t<\/div>\r\n\t\t\t\t<\/div>\r\n\t\t\t\t\t\t\t\t<div class=\"post-3064 post type-post status-publish format-standard has-post-thumbnail hentry category-non-categorizzato text-left\" >\r\n\t\t\t\t\t<div class=\"cover\">\r\n\t\t\t\t\t\t\t\t\t\t\t\t\t<div class=\"entry-media \">\r\n\t\t\t\t\t\t\t\t<div class=\"entry-thumb\">\r\n\t\t\t\t\t\t\t\t\t\t\t\t\t\t\t\t\t\t\t<img decoding=\"async\" src=\"https:\/\/www.becassiers.ch\/wp-content\/uploads\/2025\/04\/Logo-FANBPO-360x272.png\" alt=\"FANBPO 2025 16-17 Maggio &#8211; Mendrisio\"\/>\r\n\t\t\t\t\t\t\t\t\t\t\t\t\t\t\t\t\t\t\t\t\t\t\t\t\t\t<\/div>\r\n\t\t\t\t\t\t\t\t<div class=\"dfd-blog-heading-wrap\"><div class=\"dfd-blog-title widget-title\" style=\"\"><a href=\"https:\/\/www.becassiers.ch\/it\/fanbpo-2025-16-17-maggio-mendrisio\/\" title=\"FANBPO 2025 16-17 Maggio &#8211; Mendrisio\">FANBPO 2025 16-17 Maggio &#8211; Mendrisio<\/a><\/div><\/div>\t\t\t\t\t\t\t<\/div>\r\n\t\t\t\t\t\t\t<div class=\"entry-content text-left\"><p>Save the date!!\r\n22\u00b0 AG FANBPO  \r\nConferenza internazionale sulla beccaccia \r\nHotel CORONADO- Mendrisio \u2013 15-16-17 maggio 2025 <\/p><\/div>\t\t\t\t\t\t\t\t<div class=\"dfd-read-share clearfix\">\r\n\t\t\t\t\t\t\t\t\t\t\t\t\t\t\t\t\t\t\t<div class=\"read-more-wrap\">\r\n\t\t\t\t\t\t\t\t\t\t\t<a href=\"https:\/\/www.becassiers.ch\/it\/fanbpo-2025-16-17-maggio-mendrisio\/\" class=\"more-button simple\" title=\"\" data-lang=\"en\">SCOPRI<\/a>\r\n\t\t\t\t\t\t\t\t\t\t<\/div>\r\n\t\t\t\t\t\t\t\t\t\t\t\t\t\t\t\t\t\t\t\t\t\t\t\t\t\t<\/div>\r\n\t\t\t\t\t\t\t\t\t\t\t\t\t\t\t\t\t\t<\/div>\r\n\t\t\t\t<\/div>\r\n\t\t\t\t\t\t\t\t<div class=\"post-3050 post type-post status-publish format-standard has-post-thumbnail hentry category-non-categorizzato text-left\" >\r\n\t\t\t\t\t<div class=\"cover\">\r\n\t\t\t\t\t\t\t\t\t\t\t\t\t<div class=\"entry-media \">\r\n\t\t\t\t\t\t\t\t<div class=\"entry-thumb\">\r\n\t\t\t\t\t\t\t\t\t\t\t\t\t\t\t\t\t\t\t<img decoding=\"async\" src=\"https:\/\/www.becassiers.ch\/wp-content\/uploads\/2025\/04\/Immagine3-360x272.jpg\" alt=\"Campionato europeo su beccacce 2024\"\/>\r\n\t\t\t\t\t\t\t\t\t\t\t\t\t\t\t\t\t\t\t\t\t\t\t\t\t\t<\/div>\r\n\t\t\t\t\t\t\t\t<div class=\"dfd-blog-heading-wrap\"><div class=\"dfd-blog-title widget-title\" style=\"\"><a href=\"https:\/\/www.becassiers.ch\/it\/campionato-europeo-su-beccacce-2024\/\" title=\"Campionato europeo su beccacce 2024\">Campionato europeo su beccacce 2024<\/a><\/div><\/div>\t\t\t\t\t\t\t<\/div>\r\n\t\t\t\t\t\t\t<div class=\"entry-content text-left\"><p>Il 13-14-15 dicembre 2024, il Campionato europeo su beccacce si \u00e8 svolto nella culla della razza a Callac in Bretagna (F), sotto l'egida dell'Associazione Internazionale dei Club degli Epagneul Breton (AICEB).<\/p><\/div>\t\t\t\t\t\t\t\t<div class=\"dfd-read-share clearfix\">\r\n\t\t\t\t\t\t\t\t\t\t\t\t\t\t\t\t\t\t\t<div class=\"read-more-wrap\">\r\n\t\t\t\t\t\t\t\t\t\t\t<a href=\"https:\/\/www.becassiers.ch\/it\/campionato-europeo-su-beccacce-2024\/\" class=\"more-button simple\" title=\"\" data-lang=\"en\">SCOPRI<\/a>\r\n\t\t\t\t\t\t\t\t\t\t<\/div>\r\n\t\t\t\t\t\t\t\t\t\t\t\t\t\t\t\t\t\t\t\t\t\t\t\t\t\t<\/div>\r\n\t\t\t\t\t\t\t\t\t\t\t\t\t\t\t\t\t\t<\/div>\r\n\t\t\t\t<\/div>\r\n\t\t\t\t\t\t\t\t<div class=\"post-3003 post type-post status-publish format-standard has-post-thumbnail hentry category-non-categorizzato text-left\" >\r\n\t\t\t\t\t<div class=\"cover\">\r\n\t\t\t\t\t\t\t\t\t\t\t\t\t<div class=\"entry-media \">\r\n\t\t\t\t\t\t\t\t<div class=\"entry-thumb\">\r\n\t\t\t\t\t\t\t\t\t\t\t\t\t\t\t\t\t\t\t<img decoding=\"async\" src=\"https:\/\/www.becassiers.ch\/wp-content\/uploads\/2024\/06\/20240528_194103-360x272.jpg\" alt=\"Tiro del beccacciaio c\/o lo stand di Serpiano Tremona del 1 giugno 2024\"\/>\r\n\t\t\t\t\t\t\t\t\t\t\t\t\t\t\t\t\t\t\t\t\t\t\t\t\t\t<\/div>\r\n\t\t\t\t\t\t\t\t<div class=\"dfd-blog-heading-wrap\"><div class=\"dfd-blog-title widget-title\" style=\"\"><a href=\"https:\/\/www.becassiers.ch\/it\/tiro-del-beccacciaio-c-o-lo-stand-di-serpiano-tremona-del-1-giugno-2024\/\" title=\"Tiro del beccacciaio c\/o lo stand di Serpiano Tremona del 1 giugno 2024\">Tiro del beccacciaio c\/o lo stand di Serpiano Tremona del 1 giugno 2024<\/a><\/div><\/div>\t\t\t\t\t\t\t<\/div>\r\n\t\t\t\t\t\t\t<div class=\"entry-content text-left\"><p>TIRO DEI BECCACCIAI c\/o LO STAND DI SERPIANO TREMONA DEL 1\u00b0 GIUGNO 2024\r\nORGANIZZATA DALLA ASB (Associazione Svizzera dei Beccacciai)\r\nE LA SCVC (Societ\u00e0 Cacciatori Valli del Cassarate)<\/p><\/div>\t\t\t\t\t\t\t\t<div class=\"dfd-read-share clearfix\">\r\n\t\t\t\t\t\t\t\t\t\t\t\t\t\t\t\t\t\t\t<div class=\"read-more-wrap\">\r\n\t\t\t\t\t\t\t\t\t\t\t<a href=\"https:\/\/www.becassiers.ch\/it\/tiro-del-beccacciaio-c-o-lo-stand-di-serpiano-tremona-del-1-giugno-2024\/\" class=\"more-button simple\" title=\"\" data-lang=\"en\">SCOPRI<\/a>\r\n\t\t\t\t\t\t\t\t\t\t<\/div>\r\n\t\t\t\t\t\t\t\t\t\t\t\t\t\t\t\t\t\t\t\t\t\t\t\t\t\t<\/div>\r\n\t\t\t\t\t\t\t\t\t\t\t\t\t\t\t\t\t\t<\/div>\r\n\t\t\t\t<\/div>\r\n\t\t\t\t\t\t\t\t<div class=\"post-2991 post type-post status-publish format-standard has-post-thumbnail hentry category-non-categorizzato text-left\" >\r\n\t\t\t\t\t<div class=\"cover\">\r\n\t\t\t\t\t\t\t\t\t\t\t\t\t<div class=\"entry-media \">\r\n\t\t\t\t\t\t\t\t<div class=\"entry-thumb\">\r\n\t\t\t\t\t\t\t\t\t\t\t\t\t\t\t\t\t\t\t<img decoding=\"async\" src=\"https:\/\/www.becassiers.ch\/wp-content\/uploads\/2024\/05\/DSC_5810-360x272.jpg\" alt=\"Gara con cani da ferma a Grantola, 2024\"\/>\r\n\t\t\t\t\t\t\t\t\t\t\t\t\t\t\t\t\t\t\t\t\t\t\t\t\t\t<\/div>\r\n\t\t\t\t\t\t\t\t<div class=\"dfd-blog-heading-wrap\"><div class=\"dfd-blog-title widget-title\" style=\"\"><a href=\"https:\/\/www.becassiers.ch\/it\/gara-con-cani-da-ferma-a-grantola-2024\/\" title=\"Gara con cani da ferma a Grantola, 2024\">Gara con cani da ferma a Grantola, 2024<\/a><\/div><\/div>\t\t\t\t\t\t\t<\/div>\r\n\t\t\t\t\t\t\t<div class=\"entry-content text-left\"><p>Gara con cani da ferma\r\nC\/o il quagliodromo di Grantola (Italia - VA) del 7 maggio 2023\r\nOrganizzata dalla ASB (Associazione Svizzera dei Beccacciai)\r\nE LA SCVC (Societ\u00e0 Cacciatori Valli del Cassarate)<\/p><\/div>\t\t\t\t\t\t\t\t<div class=\"dfd-read-share clearfix\">\r\n\t\t\t\t\t\t\t\t\t\t\t\t\t\t\t\t\t\t\t<div class=\"read-more-wrap\">\r\n\t\t\t\t\t\t\t\t\t\t\t<a href=\"https:\/\/www.becassiers.ch\/it\/gara-con-cani-da-ferma-a-grantola-2024\/\" class=\"more-button simple\" title=\"\" data-lang=\"en\">SCOPRI<\/a>\r\n\t\t\t\t\t\t\t\t\t\t<\/div>\r\n\t\t\t\t\t\t\t\t\t\t\t\t\t\t\t\t\t\t\t\t\t\t\t\t\t\t<\/div>\r\n\t\t\t\t\t\t\t\t\t\t\t\t\t\t\t\t\t\t<\/div>\r\n\t\t\t\t<\/div>\r\n\t\t\t\t\t\t\t\t<div class=\"post-2648 post type-post status-publish format-standard has-post-thumbnail hentry category-non-categorizzato text-left\" >\r\n\t\t\t\t\t<div class=\"cover\">\r\n\t\t\t\t\t\t\t\t\t\t\t\t\t<div class=\"entry-media \">\r\n\t\t\t\t\t\t\t\t<div class=\"entry-thumb\">\r\n\t\t\t\t\t\t\t\t\t\t\t\t\t\t\t\t\t\t\t<img decoding=\"async\" src=\"https:\/\/www.becassiers.ch\/wp-content\/uploads\/2022\/06\/ASB_logo_motto-360x272.png\" alt=\"AG 2024\"\/>\r\n\t\t\t\t\t\t\t\t\t\t\t\t\t\t\t\t\t\t\t\t\t\t\t\t\t\t<\/div>\r\n\t\t\t\t\t\t\t\t<div class=\"dfd-blog-heading-wrap\"><div class=\"dfd-blog-title widget-title\" style=\"\"><a href=\"https:\/\/www.becassiers.ch\/it\/ag-2022\/\" title=\"AG 2024\">AG 2024<\/a><\/div><\/div>\t\t\t\t\t\t\t<\/div>\r\n\t\t\t\t\t\t\t<div class=\"entry-content text-left\"><p>INVITO\r\n\r\nAssemblea generale ASB\r\n\r\nSABATO 15.06.2024 ALLE ORE 10:00\r\nStand di tiro Rite-Jagdsch\u00fctzen Gstaad, 3792 Saanen<\/p><\/div>\t\t\t\t\t\t\t\t<div class=\"dfd-read-share clearfix\">\r\n\t\t\t\t\t\t\t\t\t\t\t\t\t\t\t\t\t\t\t<div class=\"read-more-wrap\">\r\n\t\t\t\t\t\t\t\t\t\t\t<a href=\"https:\/\/www.becassiers.ch\/it\/ag-2022\/\" class=\"more-button simple\" title=\"\" data-lang=\"en\">SCOPRI<\/a>\r\n\t\t\t\t\t\t\t\t\t\t<\/div>\r\n\t\t\t\t\t\t\t\t\t\t\t\t\t\t\t\t\t\t\t\t\t\t\t\t\t\t<\/div>\r\n\t\t\t\t\t\t\t\t\t\t\t\t\t\t\t\t\t\t<\/div>\r\n\t\t\t\t<\/div>\r\n\t\t\t\t\t\t\t\t<div class=\"post-2955 post type-post status-publish format-standard has-post-thumbnail hentry category-non-categorizzato text-left\" >\r\n\t\t\t\t\t<div class=\"cover\">\r\n\t\t\t\t\t\t\t\t\t\t\t\t\t<div class=\"entry-media \">\r\n\t\t\t\t\t\t\t\t<div class=\"entry-thumb\">\r\n\t\t\t\t\t\t\t\t\t\t\t\t\t\t\t\t\t\t\t<img decoding=\"async\" src=\"https:\/\/www.becassiers.ch\/wp-content\/uploads\/2021\/11\/chiens-et-actions-de-chasse-57fa1303b311b-360x272.jpeg\" alt=\"Challenges ASB \u2013 Concorso a Levier 2023\"\/>\r\n\t\t\t\t\t\t\t\t\t\t\t\t\t\t\t\t\t\t\t\t\t\t\t\t\t\t<\/div>\r\n\t\t\t\t\t\t\t\t<div class=\"dfd-blog-heading-wrap\"><div class=\"dfd-blog-title widget-title\" style=\"\"><a href=\"https:\/\/www.becassiers.ch\/it\/challenges-asb-concorso-a-levier-2023\/\" title=\"Challenges ASB \u2013 Concorso a Levier 2023\">Challenges ASB \u2013 Concorso a Levier 2023<\/a><\/div><\/div>\t\t\t\t\t\t\t<\/div>\r\n\t\t\t\t\t\t\t<div class=\"entry-content text-left\"><p>Il tradizionale concorso su beccacce di Levier e dintorni, organizzato dai nostri amici francesi di \"l\u2019Association Canine Territoriale de Franche-Comt\u00e9 (ACTFC)\", del \"Club du Setter Anglais (CSA)\" e del \"Club de l\u2019Epagneul Breton (CEB)\" si \u00e9 svolto il 4 e 5 novembre 2023, preceduto la vigiglia da una prova su beccaccini.<\/p><\/div>\t\t\t\t\t\t\t\t<div class=\"dfd-read-share clearfix\">\r\n\t\t\t\t\t\t\t\t\t\t\t\t\t\t\t\t\t\t\t<div class=\"read-more-wrap\">\r\n\t\t\t\t\t\t\t\t\t\t\t<a href=\"https:\/\/www.becassiers.ch\/it\/challenges-asb-concorso-a-levier-2023\/\" class=\"more-button simple\" title=\"\" data-lang=\"en\">SCOPRI<\/a>\r\n\t\t\t\t\t\t\t\t\t\t<\/div>\r\n\t\t\t\t\t\t\t\t\t\t\t\t\t\t\t\t\t\t\t\t\t\t\t\t\t\t<\/div>\r\n\t\t\t\t\t\t\t\t\t\t\t\t\t\t\t\t\t\t<\/div>\r\n\t\t\t\t<\/div>\r\n\t\t\t\t\t\t\t\t<div class=\"post-2945 post type-post status-publish format-standard has-post-thumbnail hentry category-non-categorizzato text-left\" >\r\n\t\t\t\t\t<div class=\"cover\">\r\n\t\t\t\t\t\t\t\t\t\t\t\t\t<div class=\"entry-media \">\r\n\t\t\t\t\t\t\t\t<div class=\"entry-thumb\">\r\n\t\t\t\t\t\t\t\t\t\t\t\t\t\t\t\t\t\t\t<img decoding=\"async\" src=\"https:\/\/www.becassiers.ch\/wp-content\/uploads\/2023\/07\/IMG-20230627-WA0035-360x272.jpg\" alt=\"Tiro del beccacciaio c\/o lo stand di Serpiano Tremona del 10 giugno 2023\"\/>\r\n\t\t\t\t\t\t\t\t\t\t\t\t\t\t\t\t\t\t\t\t\t\t\t\t\t\t<\/div>\r\n\t\t\t\t\t\t\t\t<div class=\"dfd-blog-heading-wrap\"><div class=\"dfd-blog-title widget-title\" style=\"\"><a href=\"https:\/\/www.becassiers.ch\/it\/gara-con-cani-da-ferma-a-grantola-2023\/\" title=\"Tiro del beccacciaio c\/o lo stand di Serpiano Tremona del 10 giugno 2023\">Tiro del beccacciaio c\/o lo stand di Serpiano Tremona del 10 giugno 2023<\/a><\/div><\/div>\t\t\t\t\t\t\t<\/div>\r\n\t\t\t\t\t\t\t<div class=\"entry-content text-left\"><p>Tiro del beccacciaio c\/o lo stand di Serpiano Tremona del 10 giugno 2023\r\nOrganizzata dalla ASB (Associazione Svizzera dei Beccacciai)\r\nE la SCVC (Soc. Cacciatori Valli del Cassarate)<\/p><\/div>\t\t\t\t\t\t\t\t<div class=\"dfd-read-share clearfix\">\r\n\t\t\t\t\t\t\t\t\t\t\t\t\t\t\t\t\t\t\t<div class=\"read-more-wrap\">\r\n\t\t\t\t\t\t\t\t\t\t\t<a href=\"https:\/\/www.becassiers.ch\/it\/gara-con-cani-da-ferma-a-grantola-2023\/\" class=\"more-button simple\" title=\"\" data-lang=\"en\">SCOPRI<\/a>\r\n\t\t\t\t\t\t\t\t\t\t<\/div>\r\n\t\t\t\t\t\t\t\t\t\t\t\t\t\t\t\t\t\t\t\t\t\t\t\t\t\t<\/div>\r\n\t\t\t\t\t\t\t\t\t\t\t\t\t\t\t\t\t\t<\/div>\r\n\t\t\t\t<\/div>\r\n\t\t\t\t\t\t\t\t<div class=\"post-2887 post type-post status-publish format-standard has-post-thumbnail hentry category-non-categorizzato text-left\" >\r\n\t\t\t\t\t<div class=\"cover\">\r\n\t\t\t\t\t\t\t\t\t\t\t\t\t<div class=\"entry-media \">\r\n\t\t\t\t\t\t\t\t<div class=\"entry-thumb\">\r\n\t\t\t\t\t\t\t\t\t\t\t\t\t\t\t\t\t\t\t<img decoding=\"async\" src=\"https:\/\/www.becassiers.ch\/wp-content\/uploads\/2023\/07\/IMG-20230508-WA0004-360x272.jpg\" alt=\"Gara con cani da ferma a Grantola, 2023\"\/>\r\n\t\t\t\t\t\t\t\t\t\t\t\t\t\t\t\t\t\t\t\t\t\t\t\t\t\t<\/div>\r\n\t\t\t\t\t\t\t\t<div class=\"dfd-blog-heading-wrap\"><div class=\"dfd-blog-title widget-title\" style=\"\"><a href=\"https:\/\/www.becassiers.ch\/it\/prossimi-appuntamenti-asb-2023\/\" title=\"Gara con cani da ferma a Grantola, 2023\">Gara con cani da ferma a Grantola, 2023<\/a><\/div><\/div>\t\t\t\t\t\t\t<\/div>\r\n\t\t\t\t\t\t\t<div class=\"entry-content text-left\"><p>Gara con cani da ferma\r\nC\/o il quagliodromo di Grantola (Italia - VA) del 7 maggio 2023\r\nOrganizzata dalla ASB (Associazione Svizzera dei Beccacciai)\r\nE LA SCVC (Societ\u00e0 Cacciatori Valli del Cassarate)<\/p><\/div>\t\t\t\t\t\t\t\t<div class=\"dfd-read-share clearfix\">\r\n\t\t\t\t\t\t\t\t\t\t\t\t\t\t\t\t\t\t\t<div class=\"read-more-wrap\">\r\n\t\t\t\t\t\t\t\t\t\t\t<a href=\"https:\/\/www.becassiers.ch\/it\/prossimi-appuntamenti-asb-2023\/\" class=\"more-button simple\" title=\"\" data-lang=\"en\">SCOPRI<\/a>\r\n\t\t\t\t\t\t\t\t\t\t<\/div>\r\n\t\t\t\t\t\t\t\t\t\t\t\t\t\t\t\t\t\t\t\t\t\t\t\t\t\t<\/div>\r\n\t\t\t\t\t\t\t\t\t\t\t\t\t\t\t\t\t\t<\/div>\r\n\t\t\t\t<\/div>\r\n\t\t\t\t\t\t\t\t<div class=\"post-2877 post type-post status-publish format-standard has-post-thumbnail hentry category-non-categorizzato text-left\" >\r\n\t\t\t\t\t<div class=\"cover\">\r\n\t\t\t\t\t\t\t\t\t\t\t\t\t<div class=\"entry-media \">\r\n\t\t\t\t\t\t\t\t<div class=\"entry-thumb\">\r\n\t\t\t\t\t\t\t\t\t\t\t\t\t\t\t\t\t\t\t<img decoding=\"async\" src=\"https:\/\/www.becassiers.ch\/wp-content\/uploads\/2021\/11\/chiens-et-actions-de-chasse-57fa1303b311b-360x272.jpeg\" alt=\"Challenges ASB \u2013 Concorso a Levier 2022\"\/>\r\n\t\t\t\t\t\t\t\t\t\t\t\t\t\t\t\t\t\t\t\t\t\t\t\t\t\t<\/div>\r\n\t\t\t\t\t\t\t\t<div class=\"dfd-blog-heading-wrap\"><div class=\"dfd-blog-title widget-title\" style=\"\"><a href=\"https:\/\/www.becassiers.ch\/it\/challenges-asb-concorso-a-levier-2022\/\" title=\"Challenges ASB \u2013 Concorso a Levier 2022\">Challenges ASB \u2013 Concorso a Levier 2022<\/a><\/div><\/div>\t\t\t\t\t\t\t<\/div>\r\n\t\t\t\t\t\t\t<div class=\"entry-content text-left\"><p>Il 29 e 30 ottobre 2022 si \u00e8 svolta la tradizionale gara di beccacce a Levier, nella Franche Comt\u00e9 (Francia), alla quale l'ASB \u00e8 associata da molti anni.\r\n\r\nI cani sono stati suddivisi in batterie solitarie (britannici e continentali) e in coppie (britannici).<\/p><\/div>\t\t\t\t\t\t\t\t<div class=\"dfd-read-share clearfix\">\r\n\t\t\t\t\t\t\t\t\t\t\t\t\t\t\t\t\t\t\t<div class=\"read-more-wrap\">\r\n\t\t\t\t\t\t\t\t\t\t\t<a href=\"https:\/\/www.becassiers.ch\/it\/challenges-asb-concorso-a-levier-2022\/\" class=\"more-button simple\" title=\"\" data-lang=\"en\">SCOPRI<\/a>\r\n\t\t\t\t\t\t\t\t\t\t<\/div>\r\n\t\t\t\t\t\t\t\t\t\t\t\t\t\t\t\t\t\t\t\t\t\t\t\t\t\t<\/div>\r\n\t\t\t\t\t\t\t\t\t\t\t\t\t\t\t\t\t\t<\/div>\r\n\t\t\t\t<\/div>\r\n\t\t\t\t\t\t\t\t<div class=\"post-2861 post type-post status-publish format-standard has-post-thumbnail hentry category-non-classifiee text-left\" >\r\n\t\t\t\t\t<div class=\"cover\">\r\n\t\t\t\t\t\t\t\t\t\t\t\t\t<div class=\"entry-media \">\r\n\t\t\t\t\t\t\t\t<div class=\"entry-thumb\">\r\n\t\t\t\t\t\t\t\t\t\t\t\t\t\t\t\t\t\t\t<img decoding=\"async\" src=\"https:\/\/www.becassiers.ch\/wp-content\/uploads\/2021\/11\/chiens-et-actions-de-chasse-57fa13031362c-360x272.jpeg\" alt=\"Presa di posizione alla richiesta di moratoria alla caccia alla beccaccia da parte di Birdlife\"\/>\r\n\t\t\t\t\t\t\t\t\t\t\t\t\t\t\t\t\t\t\t\t\t\t\t\t\t\t<\/div>\r\n\t\t\t\t\t\t\t\t<div class=\"dfd-blog-heading-wrap\"><div class=\"dfd-blog-title widget-title\" style=\"\"><a href=\"https:\/\/www.becassiers.ch\/it\/presa-di-posizione-alla-richiesta-di-moratoria-alla-caccia-alla-beccaccia-da-parte-di-birdlife-2\/\" title=\"Presa di posizione alla richiesta di moratoria alla caccia alla beccaccia da parte di Birdlife\">Presa di posizione alla richiesta di moratoria alla caccia alla beccaccia da parte di Birdlife<\/a><\/div><\/div>\t\t\t\t\t\t\t<\/div>\r\n\t\t\t\t\t\t\t<div class=\"entry-content text-left\"><p>I BECCACCIAI RICORDANO DI PRATICARE UNA CACCIA ETICA E SOSTENIBILE, E CHE UNA MORATORIA SULLA CACCIA ALLA BECCACCIA NON AVREBBE ALCUN IMPATTO SULLA SPECIE<\/p><\/div>\t\t\t\t\t\t\t\t<div class=\"dfd-read-share clearfix\">\r\n\t\t\t\t\t\t\t\t\t\t\t\t\t\t\t\t\t\t\t<div class=\"read-more-wrap\">\r\n\t\t\t\t\t\t\t\t\t\t\t<a href=\"https:\/\/www.becassiers.ch\/it\/presa-di-posizione-alla-richiesta-di-moratoria-alla-caccia-alla-beccaccia-da-parte-di-birdlife-2\/\" class=\"more-button simple\" title=\"\" data-lang=\"en\">SCOPRI<\/a>\r\n\t\t\t\t\t\t\t\t\t\t<\/div>\r\n\t\t\t\t\t\t\t\t\t\t\t\t\t\t\t\t\t\t\t\t\t\t\t\t\t\t<\/div>\r\n\t\t\t\t\t\t\t\t\t\t\t\t\t\t\t\t\t\t<\/div>\r\n\t\t\t\t<\/div>\r\n\t\t\t\t\t\t\t\t<div class=\"post-2841 post type-post status-publish format-standard has-post-thumbnail hentry category-non-classifiee text-left\" >\r\n\t\t\t\t\t<div class=\"cover\">\r\n\t\t\t\t\t\t\t\t\t\t\t\t\t<div class=\"entry-media \">\r\n\t\t\t\t\t\t\t\t<div class=\"entry-thumb\">\r\n\t\t\t\t\t\t\t\t\t\t\t\t\t\t\t\t\t\t\t<img decoding=\"async\" src=\"https:\/\/www.becassiers.ch\/wp-content\/uploads\/2022\/02\/IMG-20220201-WA0012-360x272.jpg\" alt=\"Serata informativa ASB-TI 2022\"\/>\r\n\t\t\t\t\t\t\t\t\t\t\t\t\t\t\t\t\t\t\t\t\t\t\t\t\t\t<\/div>\r\n\t\t\t\t\t\t\t\t<div class=\"dfd-blog-heading-wrap\"><div class=\"dfd-blog-title widget-title\" style=\"\"><a href=\"https:\/\/www.becassiers.ch\/it\/serata-informativa-asb-ti-2022\/\" title=\"Serata informativa ASB-TI 2022\">Serata informativa ASB-TI 2022<\/a><\/div><\/div>\t\t\t\t\t\t\t<\/div>\r\n\t\t\t\t\t\t\t<div class=\"entry-content text-left\"><p>Il team ASB-TI ha il piacere di invitare i soci alla serata informativa in vista della stagione venatoria 2022.<\/p><\/div>\t\t\t\t\t\t\t\t<div class=\"dfd-read-share clearfix\">\r\n\t\t\t\t\t\t\t\t\t\t\t\t\t\t\t\t\t\t\t<div class=\"read-more-wrap\">\r\n\t\t\t\t\t\t\t\t\t\t\t<a href=\"https:\/\/www.becassiers.ch\/it\/serata-informativa-asb-ti-2022\/\" class=\"more-button simple\" title=\"\" data-lang=\"en\">SCOPRI<\/a>\r\n\t\t\t\t\t\t\t\t\t\t<\/div>\r\n\t\t\t\t\t\t\t\t\t\t\t\t\t\t\t\t\t\t\t\t\t\t\t\t\t\t<\/div>\r\n\t\t\t\t\t\t\t\t\t\t\t\t\t\t\t\t\t\t<\/div>\r\n\t\t\t\t<\/div>\r\n\t\t\t\t\t\t\t\t<div class=\"post-2836 post type-post status-publish format-standard has-post-thumbnail hentry category-non-classifiee text-left\" >\r\n\t\t\t\t\t<div class=\"cover\">\r\n\t\t\t\t\t\t\t\t\t\t\t\t\t<div class=\"entry-media \">\r\n\t\t\t\t\t\t\t\t<div class=\"entry-thumb\">\r\n\t\t\t\t\t\t\t\t\t\t\t\t\t\t\t\t\t\t\t<img decoding=\"async\" src=\"https:\/\/www.becassiers.ch\/wp-content\/uploads\/2022\/09\/Beccaccia-a-terra-360x272.jpg\" alt=\"Pubblicazione balise\"\/>\r\n\t\t\t\t\t\t\t\t\t\t\t\t\t\t\t\t\t\t\t\t\t\t\t\t\t\t<\/div>\r\n\t\t\t\t\t\t\t\t<div class=\"dfd-blog-heading-wrap\"><div class=\"dfd-blog-title widget-title\" style=\"\"><a href=\"https:\/\/www.becassiers.ch\/it\/pubblicazione-balise\/\" title=\"Pubblicazione balise\">Pubblicazione balise<\/a><\/div><\/div>\t\t\t\t\t\t\t<\/div>\r\n\t\t\t\t\t\t\t<div class=\"entry-content text-left\"><p>Lo studio dei movimenti migratori degli uccelli mediante inanellamento ha affascinato gli ornitologi fin dall&#8217;inizio del XX secolo. Negli ultimi vent&#8217;anni, diversi club di beccacce in Italia, Spagna, Gran Bretagna,<\/p><\/div>\t\t\t\t\t\t\t\t<div class=\"dfd-read-share clearfix\">\r\n\t\t\t\t\t\t\t\t\t\t\t\t\t\t\t\t\t\t\t<div class=\"read-more-wrap\">\r\n\t\t\t\t\t\t\t\t\t\t\t<a href=\"https:\/\/www.becassiers.ch\/it\/pubblicazione-balise\/\" class=\"more-button simple\" title=\"\" data-lang=\"en\">SCOPRI<\/a>\r\n\t\t\t\t\t\t\t\t\t\t<\/div>\r\n\t\t\t\t\t\t\t\t\t\t\t\t\t\t\t\t\t\t\t\t\t\t\t\t\t\t<\/div>\r\n\t\t\t\t\t\t\t\t\t\t\t\t\t\t\t\t\t\t<\/div>\r\n\t\t\t\t<\/div>\r\n\t\t\t\t\t\t\t\t<div class=\"post-2756 post type-post status-publish format-standard has-post-thumbnail hentry category-non-classifiee text-left\" >\r\n\t\t\t\t\t<div class=\"cover\">\r\n\t\t\t\t\t\t\t\t\t\t\t\t\t<div class=\"entry-media \">\r\n\t\t\t\t\t\t\t\t<div class=\"entry-thumb\">\r\n\t\t\t\t\t\t\t\t\t\t\t\t\t\t\t\t\t\t\t<img decoding=\"async\" src=\"https:\/\/www.becassiers.ch\/wp-content\/uploads\/2022\/07\/6ae08b97-c86f-4494-b4d1-4e6c133e61c9-360x272.jpg\" alt=\"Visita MUBEC \/ Museo della beccaccia \/ Anghiari (I)\"\/>\r\n\t\t\t\t\t\t\t\t\t\t\t\t\t\t\t\t\t\t\t\t\t\t\t\t\t\t<\/div>\r\n\t\t\t\t\t\t\t\t<div class=\"dfd-blog-heading-wrap\"><div class=\"dfd-blog-title widget-title\" style=\"\"><a href=\"https:\/\/www.becassiers.ch\/it\/visita-mubec-museo-della-beccaccia-anghiari-i\/\" title=\"Visita MUBEC \/ Museo della beccaccia \/ Anghiari (I)\">Visita MUBEC \/ Museo della beccaccia \/ Anghiari (I)<\/a><\/div><\/div>\t\t\t\t\t\t\t<\/div>\r\n\t\t\t\t\t\t\t<div class=\"entry-content text-left\"><p>L\u2019Associazione Svizzera dei Beccacciai visita il MUBEC &#8211; \u201cMuseo della Beccaccia\u201d (Articolo redatto dall\u2019amico Paul DUCHEIN ex Presidente ASB) \u00a0Un gruppetto di 17 soci\/sostenitori dell\u2019ASB \u201cmigrano\u201d in Toscana per visitare<\/p><\/div>\t\t\t\t\t\t\t\t<div class=\"dfd-read-share clearfix\">\r\n\t\t\t\t\t\t\t\t\t\t\t\t\t\t\t\t\t\t\t<div class=\"read-more-wrap\">\r\n\t\t\t\t\t\t\t\t\t\t\t<a href=\"https:\/\/www.becassiers.ch\/it\/visita-mubec-museo-della-beccaccia-anghiari-i\/\" class=\"more-button simple\" title=\"\" data-lang=\"en\">SCOPRI<\/a>\r\n\t\t\t\t\t\t\t\t\t\t<\/div>\r\n\t\t\t\t\t\t\t\t\t\t\t\t\t\t\t\t\t\t\t\t\t\t\t\t\t\t<\/div>\r\n\t\t\t\t\t\t\t\t\t\t\t\t\t\t\t\t\t\t<\/div>\r\n\t\t\t\t<\/div>\r\n\t\t\t\t\t\t\t\t<div class=\"post-2709 post type-post status-publish format-standard has-post-thumbnail hentry category-non-classifiee text-left\" >\r\n\t\t\t\t\t<div class=\"cover\">\r\n\t\t\t\t\t\t\t\t\t\t\t\t\t<div class=\"entry-media \">\r\n\t\t\t\t\t\t\t\t<div class=\"entry-thumb\">\r\n\t\t\t\t\t\t\t\t\t\t\t\t\t\t\t\t\t\t\t<img decoding=\"async\" src=\"https:\/\/www.becassiers.ch\/wp-content\/uploads\/2022\/06\/03c898b8-41dc-4102-ba40-b3b0735b851a-360x272.jpg\" alt=\"Tiro del Beccacciaio 2022\"\/>\r\n\t\t\t\t\t\t\t\t\t\t\t\t\t\t\t\t\t\t\t\t\t\t\t\t\t\t<\/div>\r\n\t\t\t\t\t\t\t\t<div class=\"dfd-blog-heading-wrap\"><div class=\"dfd-blog-title widget-title\" style=\"\"><a href=\"https:\/\/www.becassiers.ch\/it\/tiro-del-beccacciaio-2022\/\" title=\"Tiro del Beccacciaio 2022\">Tiro del Beccacciaio 2022<\/a><\/div><\/div>\t\t\t\t\t\t\t<\/div>\r\n\t\t\t\t\t\t\t<div class=\"entry-content text-left\"><p>\u201cTIRO DEI BECCACCIAI\u201d DEL 4 GIUGNO 2022 \/ T.A.V. LA MONTAGNOLA, LAGO D\u2019ELIO Sabato 4 giugno 2022 si \u00e8 svolto il \u201cTIRO DEI BECCACCIAI\u201d in uno splendido contesto a 1&#8217;000<\/p><\/div>\t\t\t\t\t\t\t\t<div class=\"dfd-read-share clearfix\">\r\n\t\t\t\t\t\t\t\t\t\t\t\t\t\t\t\t\t\t\t<div class=\"read-more-wrap\">\r\n\t\t\t\t\t\t\t\t\t\t\t<a href=\"https:\/\/www.becassiers.ch\/it\/tiro-del-beccacciaio-2022\/\" class=\"more-button simple\" title=\"\" data-lang=\"en\">SCOPRI<\/a>\r\n\t\t\t\t\t\t\t\t\t\t<\/div>\r\n\t\t\t\t\t\t\t\t\t\t\t\t\t\t\t\t\t\t\t\t\t\t\t\t\t\t<\/div>\r\n\t\t\t\t\t\t\t\t\t\t\t\t\t\t\t\t\t\t<\/div>\r\n\t\t\t\t<\/div>\r\n\t\t\t\t\t\t\t\t<div class=\"post-2702 post type-post status-publish format-standard has-post-thumbnail hentry category-non-classifiee text-left\" >\r\n\t\t\t\t\t<div class=\"cover\">\r\n\t\t\t\t\t\t\t\t\t\t\t\t\t<div class=\"entry-media \">\r\n\t\t\t\t\t\t\t\t<div class=\"entry-thumb\">\r\n\t\t\t\t\t\t\t\t\t\t\t\t\t\t\t\t\t\t\t<img decoding=\"async\" src=\"https:\/\/www.becassiers.ch\/wp-content\/uploads\/2021\/11\/chiens-et-actions-de-chasse-57fa1303b311b-360x272.jpeg\" alt=\"Challenges ASB \u2013 Concorso a Levier 2021\"\/>\r\n\t\t\t\t\t\t\t\t\t\t\t\t\t\t\t\t\t\t\t\t\t\t\t\t\t\t<\/div>\r\n\t\t\t\t\t\t\t\t<div class=\"dfd-blog-heading-wrap\"><div class=\"dfd-blog-title widget-title\" style=\"\"><a href=\"https:\/\/www.becassiers.ch\/it\/challenges-asb-concorso-a-levier-2021\/\" title=\"Challenges ASB \u2013 Concorso a Levier 2021\">Challenges ASB \u2013 Concorso a Levier 2021<\/a><\/div><\/div>\t\t\t\t\t\t\t<\/div>\r\n\t\t\t\t\t\t\t<div class=\"entry-content text-left\"><p>L'ASB \u00e8 associata da oltre vent'anni alle gare di Levier nella vicina Francia organizzate dalla \"commissione di caccia\" dall'Association Canine Territoriale de Franche Comt\u00e9 (ACTFC) e ogni autunno assegna una challange ai cani britannici e una ai cani continentali.<\/p><\/div>\t\t\t\t\t\t\t\t<div class=\"dfd-read-share clearfix\">\r\n\t\t\t\t\t\t\t\t\t\t\t\t\t\t\t\t\t\t\t<div class=\"read-more-wrap\">\r\n\t\t\t\t\t\t\t\t\t\t\t<a href=\"https:\/\/www.becassiers.ch\/it\/challenges-asb-concorso-a-levier-2021\/\" class=\"more-button simple\" title=\"\" data-lang=\"en\">SCOPRI<\/a>\r\n\t\t\t\t\t\t\t\t\t\t<\/div>\r\n\t\t\t\t\t\t\t\t\t\t\t\t\t\t\t\t\t\t\t\t\t\t\t\t\t\t<\/div>\r\n\t\t\t\t\t\t\t\t\t\t\t\t\t\t\t\t\t\t<\/div>\r\n\t\t\t\t<\/div>\r\n\t\t\t\t\t\t<\/div>\r\n\t<\/div>\r\n<\/div><script type=\"text\/javascript\">\r\n\t\t\t\t\t\t\t\t(function($) {$(\"head\").append(\"<style>#dfd-blog-module-69f4b9e9b7588 .dfd-read-share {border-top-style: dotted; border-bottom-style: dotted;}#dfd-blog-module-69f4b9e9b7588.dfd-blog-loop.simple .post .cover {border-bottom-style: dotted;}#dfd-blog-module-69f4b9e9b7588 .dfd-read-share .read-more-wrap a:not(.slide-up) {color: #e4c561;}#dfd-blog-module-69f4b9e9b7588 .dfd-read-share .read-more-wrap a:not(.slide-up):hover {color: #e4c561;}#dfd-blog-module-69f4b9e9b7588.dfd-blog-loop.with-number-decor .dfd-number-decor {style=&quot;&quot;}#dfd-blog-module-69f4b9e9b7588 .dfd-blog {margin: -12.5px;}#dfd-blog-module-69f4b9e9b7588 .dfd-blog .cover {padding: 12.5px;}<\/style>\");if(typeof jQuery.fn.initTaxonomyIsotope !== \"undefined\") {\r\n\t\t\t\t\t\tjQuery(\"#dfd-blog-module-69f4b9e9b7588 .dfd-new-isotope\").initTaxonomyIsotope();\r\n\t\t\t\t\t}})(jQuery);\r\n\t\t\t\t\t\t\t<\/script><\/div>[\/vc_column][\/vc_row][vc_row anchor=&#8221;email_link&#8221;][vc_column col_shadow=&#8221;box_shadow_enable:disable|shadow_horizontal:0|shadow_vertical:15|shadow_blur:50|shadow_spread:0|box_shadow_color:rgba(0%2C0%2C0%2C0.35)&#8221; col_shadow_hover=&#8221;box_shadow_enable:disable|shadow_horizontal:0|shadow_vertical:15|shadow_blur:50|shadow_spread:0|box_shadow_color:rgba(0%2C0%2C0%2C0.35)&#8221;]<div class=\"dfd-spacer-module\"  data-units=\"px\" data-wide_resolution=\"1280\" data-wide_size=\"150\" data-normal_resolution=\"1024\" data-normal_size=\"120\" data-tablet_resolution=\"800\" data-tablet_size=\"100\" data-mobile_resolution=\"480\" data-mobile_size=\"80\" style=\"height: 150px;\"><\/div>[\/vc_column][\/vc_row]<\/p>\n<\/div>","protected":false},"excerpt":{"rendered":"<p>[vc_row anchor=&#8221;chisiamo&#8221;][vc_column col_shadow=&#8221;box_shadow_enable:disable|shadow_horizontal:0|shadow_vertical:15|shadow_blur:50|shadow_spread:0|box_shadow_color:rgba(0%2C0%2C0%2C0.35)&#8221; col_shadow_hover=&#8221;box_shadow_enable:disable|shadow_horizontal:0|shadow_vertical:15|shadow_blur:50|shadow_spread:0|box_shadow_color:rgba(0%2C0%2C0%2C0.35)&#8221; css=&#8221;.vc_custom_1636982133836{padding-right: 25px !important;padding-left: 25px !important;}&#8221;][\/vc_column][\/vc_row][vc_row anchor=&#8221;email_link&#8221;][vc_column col_shadow=&#8221;box_shadow_enable:disable|shadow_horizontal:0|shadow_vertical:15|shadow_blur:50|shadow_spread:0|box_shadow_color:rgba(0%2C0%2C0%2C0.35)&#8221; col_shadow_hover=&#8221;box_shadow_enable:disable|shadow_horizontal:0|shadow_vertical:15|shadow_blur:50|shadow_spread:0|box_shadow_color:rgba(0%2C0%2C0%2C0.35)&#8221;][\/vc_column][\/vc_row]<\/p>\n","protected":false},"author":1,"featured_media":0,"parent":0,"menu_order":0,"comment_status":"closed","ping_status":"closed","template":"page-custom.php","meta":{"inline_featured_image":false,"footnotes":""},"class_list":["post-2464","page","type-page","status-publish","hentry"],"yoast_head":"<!-- This site is optimized with the Yoast SEO plugin v27.0 - https:\/\/yoast.com\/product\/yoast-seo-wordpress\/ -->\n<title>News - Association Suisse des B\u00e9cassiers<\/title>\n<meta name=\"robots\" content=\"index, follow, max-snippet:-1, max-image-preview:large, max-video-preview:-1\" \/>\n<link rel=\"canonical\" href=\"https:\/\/www.becassiers.ch\/it\/news\/\" \/>\n<meta property=\"og:locale\" content=\"it_IT\" \/>\n<meta property=\"og:type\" content=\"article\" \/>\n<meta property=\"og:title\" content=\"News - Association Suisse des B\u00e9cassiers\" \/>\n<meta property=\"og:description\" content=\"[vc_row anchor=&#8221;chisiamo&#8221;][vc_column col_shadow=&#8221;box_shadow_enable:disable|shadow_horizontal:0|shadow_vertical:15|shadow_blur:50|shadow_spread:0|box_shadow_color:rgba(0%2C0%2C0%2C0.35)&#8221; col_shadow_hover=&#8221;box_shadow_enable:disable|shadow_horizontal:0|shadow_vertical:15|shadow_blur:50|shadow_spread:0|box_shadow_color:rgba(0%2C0%2C0%2C0.35)&#8221; css=&#8221;.vc_custom_1636982133836{padding-right: 25px !important;padding-left: 25px !important;}&#8221;][\/vc_column][\/vc_row][vc_row anchor=&#8221;email_link&#8221;][vc_column col_shadow=&#8221;box_shadow_enable:disable|shadow_horizontal:0|shadow_vertical:15|shadow_blur:50|shadow_spread:0|box_shadow_color:rgba(0%2C0%2C0%2C0.35)&#8221; col_shadow_hover=&#8221;box_shadow_enable:disable|shadow_horizontal:0|shadow_vertical:15|shadow_blur:50|shadow_spread:0|box_shadow_color:rgba(0%2C0%2C0%2C0.35)&#8221;][\/vc_column][\/vc_row]\" \/>\n<meta property=\"og:url\" content=\"https:\/\/www.becassiers.ch\/it\/news\/\" \/>\n<meta property=\"og:site_name\" content=\"Association Suisse des B\u00e9cassiers\" \/>\n<meta property=\"article:modified_time\" content=\"2022-06-21T12:50:23+00:00\" \/>\n<meta name=\"twitter:card\" content=\"summary_large_image\" \/>\n<meta name=\"twitter:label1\" content=\"Tempo di lettura stimato\" \/>\n\t<meta name=\"twitter:data1\" content=\"1 minuto\" \/>\n<script type=\"application\/ld+json\" class=\"yoast-schema-graph\">{\"@context\":\"https:\/\/schema.org\",\"@graph\":[{\"@type\":\"WebPage\",\"@id\":\"https:\/\/www.becassiers.ch\/it\/news\/\",\"url\":\"https:\/\/www.becassiers.ch\/it\/news\/\",\"name\":\"News - Association Suisse des B\u00e9cassiers\",\"isPartOf\":{\"@id\":\"https:\/\/www.becassiers.ch\/#website\"},\"datePublished\":\"2022-05-23T10:44:17+00:00\",\"dateModified\":\"2022-06-21T12:50:23+00:00\",\"breadcrumb\":{\"@id\":\"https:\/\/www.becassiers.ch\/it\/news\/#breadcrumb\"},\"inLanguage\":\"it-IT\",\"potentialAction\":[{\"@type\":\"ReadAction\",\"target\":[\"https:\/\/www.becassiers.ch\/it\/news\/\"]}]},{\"@type\":\"BreadcrumbList\",\"@id\":\"https:\/\/www.becassiers.ch\/it\/news\/#breadcrumb\",\"itemListElement\":[{\"@type\":\"ListItem\",\"position\":1,\"name\":\"Home\",\"item\":\"https:\/\/www.becassiers.ch\/it\/\"},{\"@type\":\"ListItem\",\"position\":2,\"name\":\"News\"}]},{\"@type\":\"WebSite\",\"@id\":\"https:\/\/www.becassiers.ch\/#website\",\"url\":\"https:\/\/www.becassiers.ch\/\",\"name\":\"Association Suisse des B\u00e9cassiers\",\"description\":\"\",\"potentialAction\":[{\"@type\":\"SearchAction\",\"target\":{\"@type\":\"EntryPoint\",\"urlTemplate\":\"https:\/\/www.becassiers.ch\/?s={search_term_string}\"},\"query-input\":{\"@type\":\"PropertyValueSpecification\",\"valueRequired\":true,\"valueName\":\"search_term_string\"}}],\"inLanguage\":\"it-IT\"}]}<\/script>\n<!-- \/ Yoast SEO plugin. -->","yoast_head_json":{"title":"News - Association Suisse des B\u00e9cassiers","robots":{"index":"index","follow":"follow","max-snippet":"max-snippet:-1","max-image-preview":"max-image-preview:large","max-video-preview":"max-video-preview:-1"},"canonical":"https:\/\/www.becassiers.ch\/it\/news\/","og_locale":"it_IT","og_type":"article","og_title":"News - Association Suisse des B\u00e9cassiers","og_description":"[vc_row anchor=&#8221;chisiamo&#8221;][vc_column col_shadow=&#8221;box_shadow_enable:disable|shadow_horizontal:0|shadow_vertical:15|shadow_blur:50|shadow_spread:0|box_shadow_color:rgba(0%2C0%2C0%2C0.35)&#8221; col_shadow_hover=&#8221;box_shadow_enable:disable|shadow_horizontal:0|shadow_vertical:15|shadow_blur:50|shadow_spread:0|box_shadow_color:rgba(0%2C0%2C0%2C0.35)&#8221; css=&#8221;.vc_custom_1636982133836{padding-right: 25px !important;padding-left: 25px !important;}&#8221;][\/vc_column][\/vc_row][vc_row anchor=&#8221;email_link&#8221;][vc_column col_shadow=&#8221;box_shadow_enable:disable|shadow_horizontal:0|shadow_vertical:15|shadow_blur:50|shadow_spread:0|box_shadow_color:rgba(0%2C0%2C0%2C0.35)&#8221; col_shadow_hover=&#8221;box_shadow_enable:disable|shadow_horizontal:0|shadow_vertical:15|shadow_blur:50|shadow_spread:0|box_shadow_color:rgba(0%2C0%2C0%2C0.35)&#8221;][\/vc_column][\/vc_row]","og_url":"https:\/\/www.becassiers.ch\/it\/news\/","og_site_name":"Association Suisse des B\u00e9cassiers","article_modified_time":"2022-06-21T12:50:23+00:00","twitter_card":"summary_large_image","twitter_misc":{"Tempo di lettura stimato":"1 minuto"},"schema":{"@context":"https:\/\/schema.org","@graph":[{"@type":"WebPage","@id":"https:\/\/www.becassiers.ch\/it\/news\/","url":"https:\/\/www.becassiers.ch\/it\/news\/","name":"News - Association Suisse des B\u00e9cassiers","isPartOf":{"@id":"https:\/\/www.becassiers.ch\/#website"},"datePublished":"2022-05-23T10:44:17+00:00","dateModified":"2022-06-21T12:50:23+00:00","breadcrumb":{"@id":"https:\/\/www.becassiers.ch\/it\/news\/#breadcrumb"},"inLanguage":"it-IT","potentialAction":[{"@type":"ReadAction","target":["https:\/\/www.becassiers.ch\/it\/news\/"]}]},{"@type":"BreadcrumbList","@id":"https:\/\/www.becassiers.ch\/it\/news\/#breadcrumb","itemListElement":[{"@type":"ListItem","position":1,"name":"Home","item":"https:\/\/www.becassiers.ch\/it\/"},{"@type":"ListItem","position":2,"name":"News"}]},{"@type":"WebSite","@id":"https:\/\/www.becassiers.ch\/#website","url":"https:\/\/www.becassiers.ch\/","name":"Association Suisse des B\u00e9cassiers","description":"","potentialAction":[{"@type":"SearchAction","target":{"@type":"EntryPoint","urlTemplate":"https:\/\/www.becassiers.ch\/?s={search_term_string}"},"query-input":{"@type":"PropertyValueSpecification","valueRequired":true,"valueName":"search_term_string"}}],"inLanguage":"it-IT"}]}},"_links":{"self":[{"href":"https:\/\/www.becassiers.ch\/it\/wp-json\/wp\/v2\/pages\/2464","targetHints":{"allow":["GET"]}}],"collection":[{"href":"https:\/\/www.becassiers.ch\/it\/wp-json\/wp\/v2\/pages"}],"about":[{"href":"https:\/\/www.becassiers.ch\/it\/wp-json\/wp\/v2\/types\/page"}],"author":[{"embeddable":true,"href":"https:\/\/www.becassiers.ch\/it\/wp-json\/wp\/v2\/users\/1"}],"replies":[{"embeddable":true,"href":"https:\/\/www.becassiers.ch\/it\/wp-json\/wp\/v2\/comments?post=2464"}],"version-history":[{"count":3,"href":"https:\/\/www.becassiers.ch\/it\/wp-json\/wp\/v2\/pages\/2464\/revisions"}],"predecessor-version":[{"id":2733,"href":"https:\/\/www.becassiers.ch\/it\/wp-json\/wp\/v2\/pages\/2464\/revisions\/2733"}],"wp:attachment":[{"href":"https:\/\/www.becassiers.ch\/it\/wp-json\/wp\/v2\/media?parent=2464"}],"curies":[{"name":"wp","href":"https:\/\/api.w.org\/{rel}","templated":true}]}}